{"version":"1.0","type":"rich","provider_name":"Mairie d&#8217;Excideuil (Dordogne)","provider_url":"https:\/\/www.excideuil.fr","title":"\u00c9coles maternelle et primaire&nbsp;: Rentr\u00e9e scolaire 2026","author_name":"Alexandra Guadagna","width":"480","height":"295","url":"https:\/\/www.excideuil.fr\/Ecoles-maternelle-et-primaire-Rentree-scolaire-2026.html","html":"\u003Ch4 class='title'\u003E\u003Ca href='https:\/\/www.excideuil.fr\/Ecoles-maternelle-et-primaire-Rentree-scolaire-2026.html'\u003E\u00c9coles maternelle et primaire&nbsp;: Rentr\u00e9e scolaire 2026\u003C\/a\u003E\u003C\/h4\u003E\u003Cblockquote class='spip'\u003E\n\u003Cp\u003EMardi 01&nbsp;Septembre 2026 \n\n Les rentr\u00e9es scolaires des deux \u00e9coles aura lieu le Mardi 01&nbsp;Septembre 2026 \u00e0 partir de 08h35. \n\nPour les Maternelles&nbsp;: l\u2019entr\u00e9e se fera comme toute l\u2019ann\u00e9e, par le 1 Rue Antoine Gay. \n\nPour les Primaires&nbsp;: l\u2019entr\u00e9e se fera comme toute l\u2019ann\u00e9e, par le 8 Boulevard Andr\u00e9 Dupuy. Pensez aux 2 serviettes lavables marqu\u00e9es au nom de l\u2019enfant (Avec \u00e9lastiques pour les maternelles)\u003C\/p\u003E\n\u003C\/blockquote\u003E\n"}